{"id":1568,"date":"2021-12-17T05:59:17","date_gmt":"2021-12-17T05:59:17","guid":{"rendered":"https:\/\/parroquiasanisidrolabrador.com\/?page_id=1568"},"modified":"2026-01-27T18:01:24","modified_gmt":"2026-01-27T21:01:24","slug":"eventos","status":"publish","type":"page","link":"https:\/\/parroquiasanisidrolabrador.com\/?page_id=1568","title":{"rendered":"Eventos"},"content":{"rendered":"\t\t<div data-elementor-type=\"wp-page\" data-elementor-id=\"1568\" class=\"elementor elementor-1568\">\n\t\t\t\t\t\t<section class=\"elementor-section elementor-top-section elementor-element elementor-element-e96cb4a elementor-section-boxed elementor-section-height-default elementor-section-height-default\" data-id=\"e96cb4a\" data-element_type=\"section\" data-e-type=\"section\">\n\t\t\t\t\t\t<div class=\"elementor-container elementor-column-gap-default\">\n\t\t\t\t\t<div class=\"elementor-column elementor-col-100 elementor-top-column elementor-element elementor-element-dfcc589\" data-id=\"dfcc589\" data-element_type=\"column\" data-e-type=\"column\">\n\t\t\t<div class=\"elementor-widget-wrap elementor-element-populated\">\n\t\t\t\t\t\t<div class=\"elementor-element elementor-element-fe6e60b elementor-widget elementor-widget-text-editor\" data-id=\"fe6e60b\" data-element_type=\"widget\" data-e-type=\"widget\" data-widget_type=\"text-editor.default\">\n\t\t\t\t<div class=\"elementor-widget-container\">\n\t\t\t\t\t\t\t\t\t<div class=\"column mcb-column one column_column column-margin-\">\n<div class=\"column_attr clearfix align_center animate fadeInDownLarge\" data-anim-type=\"fadeInDownLarge\">\n<h3 style=\"text-align: center;\">Eventos Compartidos<\/h3>\n<div class=\"image_frame image_item no_link scale-with-grid alignnone no_border\" style=\"text-align: center;\">\n<div class=\"image_wrapper\"><img decoding=\"async\" class=\"scale-with-grid aligncenter\" src=\"https:\/\/parroquiasanisidrolabrador.com.ar\/wp-content\/uploads\/2016\/01\/home_mining_sep.png\" alt=\"\"><\/div>\n<\/div>\n<\/div>\n<\/div>\n<div class=\"column mcb-column one-fifth column_column column-margin-\" style=\"text-align: center;\">\n<div class=\"column_attr clearfix\">&nbsp;<\/div><\/div>\t\t\t\t\t\t\t\t<\/div>\n\t\t\t\t<\/div>\n\t\t\t\t\t<\/div>\n\t\t<\/div>\n\t\t\t\t\t<\/div>\n\t\t<\/section>\n\t\t\t\t<section class=\"elementor-section elementor-top-section elementor-element elementor-element-671722f elementor-section-boxed elementor-section-height-default elementor-section-height-default\" data-id=\"671722f\" data-element_type=\"section\" data-e-type=\"section\">\n\t\t\t\t\t\t<div class=\"elementor-container elementor-column-gap-default\">\n\t\t\t\t\t<div class=\"elementor-column elementor-col-33 elementor-top-column elementor-element elementor-element-42f0863\" data-id=\"42f0863\" data-element_type=\"column\" data-e-type=\"column\">\n\t\t\t<div class=\"elementor-widget-wrap elementor-element-populated\">\n\t\t\t\t\t\t<div class=\"elementor-element elementor-element-0be85a5 elementor-invisible elementor-widget elementor-widget-heading\" data-id=\"0be85a5\" data-element_type=\"widget\" data-e-type=\"widget\" data-settings=\"{&quot;_animation&quot;:&quot;fadeInRight&quot;}\" data-widget_type=\"heading.default\">\n\t\t\t\t<div class=\"elementor-widget-container\">\n\t\t\t\t\t<h6 class=\"elementor-heading-title elementor-size-default\"><a href=\"https:\/\/parroquiasanisidrolabrador.com\/?page_id=2808\">Bienvenida a Santa Mar\u00eda Toribia<\/a><\/h6>\t\t\t\t<\/div>\n\t\t\t\t<\/div>\n\t\t\t\t<div class=\"elementor-element elementor-element-dddf692 elementor-invisible elementor-widget elementor-widget-image\" data-id=\"dddf692\" data-element_type=\"widget\" data-e-type=\"widget\" data-settings=\"{&quot;_animation&quot;:&quot;fadeInRight&quot;}\" data-widget_type=\"image.default\">\n\t\t\t\t<div class=\"elementor-widget-container\">\n\t\t\t\t\t\t\t\t\t\t\t\t\t\t\t\t<a href=\"https:\/\/parroquiasanisidrolabrador.com\/?page_id=3644\">\n\t\t\t\t\t\t\t<img fetchpriority=\"high\" decoding=\"async\" width=\"1024\" height=\"683\" src=\"https:\/\/parroquiasanisidrolabrador.com\/wp-content\/uploads\/2024\/09\/DSC3540-1024x683.jpg\" class=\"attachment-large size-large wp-image-3507\" alt=\"\" srcset=\"https:\/\/parroquiasanisidrolabrador.com\/wp-content\/uploads\/2024\/09\/DSC3540-1024x683.jpg 1024w, https:\/\/parroquiasanisidrolabrador.com\/wp-content\/uploads\/2024\/09\/DSC3540-300x200.jpg 300w, https:\/\/parroquiasanisidrolabrador.com\/wp-content\/uploads\/2024\/09\/DSC3540-768x512.jpg 768w, https:\/\/parroquiasanisidrolabrador.com\/wp-content\/uploads\/2024\/09\/DSC3540-1536x1024.jpg 1536w, https:\/\/parroquiasanisidrolabrador.com\/wp-content\/uploads\/2024\/09\/DSC3540-2048x1365.jpg 2048w\" sizes=\"(max-width: 1024px) 100vw, 1024px\" \/>\t\t\t\t\t\t\t\t<\/a>\n\t\t\t\t\t\t\t\t\t\t\t\t\t\t\t<\/div>\n\t\t\t\t<\/div>\n\t\t\t\t\t<\/div>\n\t\t<\/div>\n\t\t\t\t<div class=\"elementor-column elementor-col-33 elementor-top-column elementor-element elementor-element-88dbc52\" data-id=\"88dbc52\" data-element_type=\"column\" data-e-type=\"column\">\n\t\t\t<div class=\"elementor-widget-wrap elementor-element-populated\">\n\t\t\t\t\t\t<div class=\"elementor-element elementor-element-70c108e elementor-invisible elementor-widget elementor-widget-heading\" data-id=\"70c108e\" data-element_type=\"widget\" data-e-type=\"widget\" data-settings=\"{&quot;_animation&quot;:&quot;fadeInUp&quot;}\" data-widget_type=\"heading.default\">\n\t\t\t\t<div class=\"elementor-widget-container\">\n\t\t\t\t\t<h6 class=\"elementor-heading-title elementor-size-default\"><a href=\"https:\/\/parroquiasanisidrolabrador.com\/?page_id=2833\">Fiestas Patronales 2024<\/a><\/h6>\t\t\t\t<\/div>\n\t\t\t\t<\/div>\n\t\t\t\t<div class=\"elementor-element elementor-element-0a34dfe elementor-invisible elementor-widget elementor-widget-image\" data-id=\"0a34dfe\" data-element_type=\"widget\" data-e-type=\"widget\" data-settings=\"{&quot;_animation&quot;:&quot;fadeInUp&quot;}\" data-widget_type=\"image.default\">\n\t\t\t\t<div class=\"elementor-widget-container\">\n\t\t\t\t\t\t\t\t\t\t\t\t\t\t\t\t<a href=\"https:\/\/parroquiasanisidrolabrador.com\/?page_id=3668\">\n\t\t\t\t\t\t\t<img decoding=\"async\" width=\"1024\" height=\"680\" src=\"https:\/\/parroquiasanisidrolabrador.com\/wp-content\/uploads\/2024\/09\/WhatsApp-Image-2024-09-13-at-00.36.06-1-1024x680.jpeg\" class=\"attachment-large size-large wp-image-3667\" alt=\"\" srcset=\"https:\/\/parroquiasanisidrolabrador.com\/wp-content\/uploads\/2024\/09\/WhatsApp-Image-2024-09-13-at-00.36.06-1-1024x680.jpeg 1024w, https:\/\/parroquiasanisidrolabrador.com\/wp-content\/uploads\/2024\/09\/WhatsApp-Image-2024-09-13-at-00.36.06-1-300x199.jpeg 300w, https:\/\/parroquiasanisidrolabrador.com\/wp-content\/uploads\/2024\/09\/WhatsApp-Image-2024-09-13-at-00.36.06-1-768x510.jpeg 768w, https:\/\/parroquiasanisidrolabrador.com\/wp-content\/uploads\/2024\/09\/WhatsApp-Image-2024-09-13-at-00.36.06-1.jpeg 1280w\" sizes=\"(max-width: 1024px) 100vw, 1024px\" \/>\t\t\t\t\t\t\t\t<\/a>\n\t\t\t\t\t\t\t\t\t\t\t\t\t\t\t<\/div>\n\t\t\t\t<\/div>\n\t\t\t\t\t<\/div>\n\t\t<\/div>\n\t\t\t\t<div class=\"elementor-column elementor-col-33 elementor-top-column elementor-element elementor-element-a112c25\" data-id=\"a112c25\" data-element_type=\"column\" data-e-type=\"column\">\n\t\t\t<div class=\"elementor-widget-wrap elementor-element-populated\">\n\t\t\t\t\t\t<div class=\"elementor-element elementor-element-df57087 elementor-invisible elementor-widget elementor-widget-heading\" data-id=\"df57087\" data-element_type=\"widget\" data-e-type=\"widget\" data-settings=\"{&quot;_animation&quot;:&quot;fadeInUp&quot;}\" data-widget_type=\"heading.default\">\n\t\t\t\t<div class=\"elementor-widget-container\">\n\t\t\t\t\t<h6 class=\"elementor-heading-title elementor-size-default\"><a href=\"https:\/\/parroquiasanisidrolabrador.com\/?page_id=2833\">Pascua Joven 2024<\/a><\/h6>\t\t\t\t<\/div>\n\t\t\t\t<\/div>\n\t\t\t\t<div class=\"elementor-element elementor-element-695bbc2 elementor-invisible elementor-widget elementor-widget-image\" data-id=\"695bbc2\" data-element_type=\"widget\" data-e-type=\"widget\" data-settings=\"{&quot;_animation&quot;:&quot;fadeInUp&quot;}\" data-widget_type=\"image.default\">\n\t\t\t\t<div class=\"elementor-widget-container\">\n\t\t\t\t\t\t\t\t\t\t\t\t\t\t\t\t<a href=\"https:\/\/parroquiasanisidrolabrador.com\/?page_id=3592\">\n\t\t\t\t\t\t\t<img decoding=\"async\" width=\"1024\" height=\"575\" src=\"https:\/\/parroquiasanisidrolabrador.com\/wp-content\/uploads\/2024\/09\/IMG_6923-1024x575.jpg\" class=\"attachment-large size-large wp-image-3640\" alt=\"\" srcset=\"https:\/\/parroquiasanisidrolabrador.com\/wp-content\/uploads\/2024\/09\/IMG_6923-1024x575.jpg 1024w, https:\/\/parroquiasanisidrolabrador.com\/wp-content\/uploads\/2024\/09\/IMG_6923-300x168.jpg 300w, https:\/\/parroquiasanisidrolabrador.com\/wp-content\/uploads\/2024\/09\/IMG_6923-768x431.jpg 768w, https:\/\/parroquiasanisidrolabrador.com\/wp-content\/uploads\/2024\/09\/IMG_6923-1536x862.jpg 1536w, https:\/\/parroquiasanisidrolabrador.com\/wp-content\/uploads\/2024\/09\/IMG_6923-2048x1149.jpg 2048w\" sizes=\"(max-width: 1024px) 100vw, 1024px\" \/>\t\t\t\t\t\t\t\t<\/a>\n\t\t\t\t\t\t\t\t\t\t\t\t\t\t\t<\/div>\n\t\t\t\t<\/div>\n\t\t\t\t\t<\/div>\n\t\t<\/div>\n\t\t\t\t\t<\/div>\n\t\t<\/section>\n\t\t\t\t<section class=\"elementor-section elementor-top-section elementor-element elementor-element-b71c22b elementor-section-boxed elementor-section-height-default elementor-section-height-default\" data-id=\"b71c22b\" data-element_type=\"section\" data-e-type=\"section\">\n\t\t\t\t\t\t<div class=\"elementor-container elementor-column-gap-default\">\n\t\t\t\t\t<div class=\"elementor-column elementor-col-33 elementor-top-column elementor-element elementor-element-f5ced96\" data-id=\"f5ced96\" data-element_type=\"column\" data-e-type=\"column\">\n\t\t\t<div class=\"elementor-widget-wrap elementor-element-populated\">\n\t\t\t\t\t\t<div class=\"elementor-element elementor-element-e5412f4 elementor-invisible elementor-widget elementor-widget-heading\" data-id=\"e5412f4\" data-element_type=\"widget\" data-e-type=\"widget\" data-settings=\"{&quot;_animation&quot;:&quot;fadeInRight&quot;}\" data-widget_type=\"heading.default\">\n\t\t\t\t<div class=\"elementor-widget-container\">\n\t\t\t\t\t<h6 class=\"elementor-heading-title elementor-size-default\"><a href=\"https:\/\/parroquiasanisidrolabrador.com\/?page_id=2808\">Semana Santa 2024<\/a><\/h6>\t\t\t\t<\/div>\n\t\t\t\t<\/div>\n\t\t\t\t<div class=\"elementor-element elementor-element-de6ed19 elementor-invisible elementor-widget elementor-widget-image\" data-id=\"de6ed19\" data-element_type=\"widget\" data-e-type=\"widget\" data-settings=\"{&quot;_animation&quot;:&quot;fadeInRight&quot;}\" data-widget_type=\"image.default\">\n\t\t\t\t<div class=\"elementor-widget-container\">\n\t\t\t\t\t\t\t\t\t\t\t\t\t\t\t\t<a href=\"https:\/\/parroquiasanisidrolabrador.com\/?page_id=3223\">\n\t\t\t\t\t\t\t<img loading=\"lazy\" decoding=\"async\" width=\"768\" height=\"1024\" src=\"https:\/\/parroquiasanisidrolabrador.com\/wp-content\/uploads\/2023\/06\/IMG-20230406-WA0083-768x1024.jpg\" class=\"attachment-large size-large wp-image-3232\" alt=\"\" srcset=\"https:\/\/parroquiasanisidrolabrador.com\/wp-content\/uploads\/2023\/06\/IMG-20230406-WA0083-768x1024.jpg 768w, https:\/\/parroquiasanisidrolabrador.com\/wp-content\/uploads\/2023\/06\/IMG-20230406-WA0083-225x300.jpg 225w, https:\/\/parroquiasanisidrolabrador.com\/wp-content\/uploads\/2023\/06\/IMG-20230406-WA0083-1152x1536.jpg 1152w, https:\/\/parroquiasanisidrolabrador.com\/wp-content\/uploads\/2023\/06\/IMG-20230406-WA0083.jpg 1200w\" sizes=\"(max-width: 768px) 100vw, 768px\" \/>\t\t\t\t\t\t\t\t<\/a>\n\t\t\t\t\t\t\t\t\t\t\t\t\t\t\t<\/div>\n\t\t\t\t<\/div>\n\t\t\t\t\t<\/div>\n\t\t<\/div>\n\t\t\t\t<div class=\"elementor-column elementor-col-33 elementor-top-column elementor-element elementor-element-cbef7fe\" data-id=\"cbef7fe\" data-element_type=\"column\" data-e-type=\"column\">\n\t\t\t<div class=\"elementor-widget-wrap elementor-element-populated\">\n\t\t\t\t\t\t<div class=\"elementor-element elementor-element-c9a0dbb elementor-invisible elementor-widget elementor-widget-heading\" data-id=\"c9a0dbb\" data-element_type=\"widget\" data-e-type=\"widget\" data-settings=\"{&quot;_animation&quot;:&quot;fadeInUp&quot;}\" data-widget_type=\"heading.default\">\n\t\t\t\t<div class=\"elementor-widget-container\">\n\t\t\t\t\t<h6 class=\"elementor-heading-title elementor-size-default\"><a href=\"https:\/\/parroquiasanisidrolabrador.com\/?page_id=2833\">Campamento C\u00f3rdoba 2024<\/a><\/h6>\t\t\t\t<\/div>\n\t\t\t\t<\/div>\n\t\t\t\t<div class=\"elementor-element elementor-element-424e8e8 elementor-invisible elementor-widget elementor-widget-image\" data-id=\"424e8e8\" data-element_type=\"widget\" data-e-type=\"widget\" data-settings=\"{&quot;_animation&quot;:&quot;fadeInUp&quot;}\" data-widget_type=\"image.default\">\n\t\t\t\t<div class=\"elementor-widget-container\">\n\t\t\t\t\t\t\t\t\t\t\t\t\t\t\t\t<a href=\"https:\/\/parroquiasanisidrolabrador.com\/?page_id=3567\">\n\t\t\t\t\t\t\t<img loading=\"lazy\" decoding=\"async\" width=\"1024\" height=\"494\" src=\"https:\/\/parroquiasanisidrolabrador.com\/wp-content\/uploads\/2024\/09\/IMG_1311-copia-1024x494.jpg\" class=\"attachment-large size-large wp-image-3590\" alt=\"\" srcset=\"https:\/\/parroquiasanisidrolabrador.com\/wp-content\/uploads\/2024\/09\/IMG_1311-copia-1024x494.jpg 1024w, https:\/\/parroquiasanisidrolabrador.com\/wp-content\/uploads\/2024\/09\/IMG_1311-copia-300x145.jpg 300w, https:\/\/parroquiasanisidrolabrador.com\/wp-content\/uploads\/2024\/09\/IMG_1311-copia-768x371.jpg 768w, https:\/\/parroquiasanisidrolabrador.com\/wp-content\/uploads\/2024\/09\/IMG_1311-copia-1536x741.jpg 1536w, https:\/\/parroquiasanisidrolabrador.com\/wp-content\/uploads\/2024\/09\/IMG_1311-copia-2048x989.jpg 2048w\" sizes=\"(max-width: 1024px) 100vw, 1024px\" \/>\t\t\t\t\t\t\t\t<\/a>\n\t\t\t\t\t\t\t\t\t\t\t\t\t\t\t<\/div>\n\t\t\t\t<\/div>\n\t\t\t\t\t<\/div>\n\t\t<\/div>\n\t\t\t\t<div class=\"elementor-column elementor-col-33 elementor-top-column elementor-element elementor-element-8a46a20\" data-id=\"8a46a20\" data-element_type=\"column\" data-e-type=\"column\">\n\t\t\t<div class=\"elementor-widget-wrap elementor-element-populated\">\n\t\t\t\t\t\t<div class=\"elementor-element elementor-element-8e6fac8 elementor-invisible elementor-widget elementor-widget-heading\" data-id=\"8e6fac8\" data-element_type=\"widget\" data-e-type=\"widget\" data-settings=\"{&quot;_animation&quot;:&quot;fadeInUp&quot;}\" data-widget_type=\"heading.default\">\n\t\t\t\t<div class=\"elementor-widget-container\">\n\t\t\t\t\t<h6 class=\"elementor-heading-title elementor-size-default\"><a href=\"https:\/\/parroquiasanisidrolabrador.com\/?page_id=3508\">Visita Arzobispo<\/a><\/h6>\t\t\t\t<\/div>\n\t\t\t\t<\/div>\n\t\t\t\t<div class=\"elementor-element elementor-element-fa1681f elementor-invisible elementor-widget elementor-widget-image\" data-id=\"fa1681f\" data-element_type=\"widget\" data-e-type=\"widget\" data-settings=\"{&quot;_animation&quot;:&quot;fadeInUp&quot;}\" data-widget_type=\"image.default\">\n\t\t\t\t<div class=\"elementor-widget-container\">\n\t\t\t\t\t\t\t\t\t\t\t\t\t\t\t\t<a href=\"https:\/\/parroquiasanisidrolabrador.com\/?page_id=3508\">\n\t\t\t\t\t\t\t<img loading=\"lazy\" decoding=\"async\" width=\"1024\" height=\"472\" src=\"https:\/\/parroquiasanisidrolabrador.com\/wp-content\/uploads\/2024\/09\/WhatsApp-Image-2024-09-12-at-23.59.40-3-1024x472.jpeg\" class=\"attachment-large size-large wp-image-3565\" alt=\"\" srcset=\"https:\/\/parroquiasanisidrolabrador.com\/wp-content\/uploads\/2024\/09\/WhatsApp-Image-2024-09-12-at-23.59.40-3-1024x472.jpeg 1024w, https:\/\/parroquiasanisidrolabrador.com\/wp-content\/uploads\/2024\/09\/WhatsApp-Image-2024-09-12-at-23.59.40-3-300x138.jpeg 300w, https:\/\/parroquiasanisidrolabrador.com\/wp-content\/uploads\/2024\/09\/WhatsApp-Image-2024-09-12-at-23.59.40-3-768x354.jpeg 768w, https:\/\/parroquiasanisidrolabrador.com\/wp-content\/uploads\/2024\/09\/WhatsApp-Image-2024-09-12-at-23.59.40-3-1536x708.jpeg 1536w, https:\/\/parroquiasanisidrolabrador.com\/wp-content\/uploads\/2024\/09\/WhatsApp-Image-2024-09-12-at-23.59.40-3.jpeg 1600w\" sizes=\"(max-width: 1024px) 100vw, 1024px\" \/>\t\t\t\t\t\t\t\t<\/a>\n\t\t\t\t\t\t\t\t\t\t\t\t\t\t\t<\/div>\n\t\t\t\t<\/div>\n\t\t\t\t\t<\/div>\n\t\t<\/div>\n\t\t\t\t\t<\/div>\n\t\t<\/section>\n\t\t\t\t<section class=\"elementor-section elementor-top-section elementor-element elementor-element-cde53a8 elementor-section-boxed elementor-section-height-default elementor-section-height-default\" data-id=\"cde53a8\" data-element_type=\"section\" data-e-type=\"section\">\n\t\t\t\t\t\t<div class=\"elementor-container elementor-column-gap-default\">\n\t\t\t\t\t<div class=\"elementor-column elementor-col-33 elementor-top-column elementor-element elementor-element-1913b90\" data-id=\"1913b90\" data-element_type=\"column\" data-e-type=\"column\">\n\t\t\t<div class=\"elementor-widget-wrap elementor-element-populated\">\n\t\t\t\t\t\t<div class=\"elementor-element elementor-element-cb58c03 elementor-invisible elementor-widget elementor-widget-heading\" data-id=\"cb58c03\" data-element_type=\"widget\" data-e-type=\"widget\" data-settings=\"{&quot;_animation&quot;:&quot;fadeInRight&quot;}\" data-widget_type=\"heading.default\">\n\t\t\t\t<div class=\"elementor-widget-container\">\n\t\t\t\t\t<h6 class=\"elementor-heading-title elementor-size-default\"><a href=\"https:\/\/parroquiasanisidrolabrador.com\/?page_id=2808\">Fiestas Patronales 2023<\/a><\/h6>\t\t\t\t<\/div>\n\t\t\t\t<\/div>\n\t\t\t\t<div class=\"elementor-element elementor-element-cc977e3 elementor-invisible elementor-widget elementor-widget-image\" data-id=\"cc977e3\" data-element_type=\"widget\" data-e-type=\"widget\" data-settings=\"{&quot;_animation&quot;:&quot;fadeInRight&quot;}\" data-widget_type=\"image.default\">\n\t\t\t\t<div class=\"elementor-widget-container\">\n\t\t\t\t\t\t\t\t\t\t\t\t\t\t\t\t<a href=\"https:\/\/parroquiasanisidrolabrador.com\/?page_id=3251\">\n\t\t\t\t\t\t\t<img loading=\"lazy\" decoding=\"async\" width=\"1024\" height=\"785\" src=\"https:\/\/parroquiasanisidrolabrador.com\/wp-content\/uploads\/2023\/06\/20230514_165700-1-scaled-e1686330445115-1024x785.jpg\" class=\"attachment-large size-large wp-image-3256\" alt=\"\" srcset=\"https:\/\/parroquiasanisidrolabrador.com\/wp-content\/uploads\/2023\/06\/20230514_165700-1-scaled-e1686330445115-1024x785.jpg 1024w, https:\/\/parroquiasanisidrolabrador.com\/wp-content\/uploads\/2023\/06\/20230514_165700-1-scaled-e1686330445115-300x230.jpg 300w, https:\/\/parroquiasanisidrolabrador.com\/wp-content\/uploads\/2023\/06\/20230514_165700-1-scaled-e1686330445115-768x589.jpg 768w, https:\/\/parroquiasanisidrolabrador.com\/wp-content\/uploads\/2023\/06\/20230514_165700-1-scaled-e1686330445115.jpg 1152w\" sizes=\"(max-width: 1024px) 100vw, 1024px\" \/>\t\t\t\t\t\t\t\t<\/a>\n\t\t\t\t\t\t\t\t\t\t\t\t\t\t\t<\/div>\n\t\t\t\t<\/div>\n\t\t\t\t\t<\/div>\n\t\t<\/div>\n\t\t\t\t<div class=\"elementor-column elementor-col-33 elementor-top-column elementor-element elementor-element-2345604\" data-id=\"2345604\" data-element_type=\"column\" data-e-type=\"column\">\n\t\t\t<div class=\"elementor-widget-wrap elementor-element-populated\">\n\t\t\t\t\t\t<div class=\"elementor-element elementor-element-4eff534 elementor-invisible elementor-widget elementor-widget-heading\" data-id=\"4eff534\" data-element_type=\"widget\" data-e-type=\"widget\" data-settings=\"{&quot;_animation&quot;:&quot;fadeInUp&quot;}\" data-widget_type=\"heading.default\">\n\t\t\t\t<div class=\"elementor-widget-container\">\n\t\t\t\t\t<h6 class=\"elementor-heading-title elementor-size-default\"><a href=\"https:\/\/parroquiasanisidrolabrador.com\/?page_id=2833\">Campamento Manija 2023<\/a><\/h6>\t\t\t\t<\/div>\n\t\t\t\t<\/div>\n\t\t\t\t<div class=\"elementor-element elementor-element-a135b99 elementor-invisible elementor-widget elementor-widget-image\" data-id=\"a135b99\" data-element_type=\"widget\" data-e-type=\"widget\" data-settings=\"{&quot;_animation&quot;:&quot;fadeInUp&quot;}\" data-widget_type=\"image.default\">\n\t\t\t\t<div class=\"elementor-widget-container\">\n\t\t\t\t\t\t\t\t\t\t\t\t\t\t\t\t<a href=\"https:\/\/parroquiasanisidrolabrador.com\/?page_id=3304\">\n\t\t\t\t\t\t\t<img loading=\"lazy\" decoding=\"async\" width=\"1024\" height=\"474\" src=\"https:\/\/parroquiasanisidrolabrador.com\/wp-content\/uploads\/2023\/06\/20230507_152031-1024x474.jpg\" class=\"attachment-large size-large wp-image-3303\" alt=\"\" srcset=\"https:\/\/parroquiasanisidrolabrador.com\/wp-content\/uploads\/2023\/06\/20230507_152031-1024x474.jpg 1024w, https:\/\/parroquiasanisidrolabrador.com\/wp-content\/uploads\/2023\/06\/20230507_152031-300x139.jpg 300w, https:\/\/parroquiasanisidrolabrador.com\/wp-content\/uploads\/2023\/06\/20230507_152031-768x355.jpg 768w, https:\/\/parroquiasanisidrolabrador.com\/wp-content\/uploads\/2023\/06\/20230507_152031-1536x710.jpg 1536w, https:\/\/parroquiasanisidrolabrador.com\/wp-content\/uploads\/2023\/06\/20230507_152031-2048x947.jpg 2048w\" sizes=\"(max-width: 1024px) 100vw, 1024px\" \/>\t\t\t\t\t\t\t\t<\/a>\n\t\t\t\t\t\t\t\t\t\t\t\t\t\t\t<\/div>\n\t\t\t\t<\/div>\n\t\t\t\t\t<\/div>\n\t\t<\/div>\n\t\t\t\t<div class=\"elementor-column elementor-col-33 elementor-top-column elementor-element elementor-element-705aa93\" data-id=\"705aa93\" data-element_type=\"column\" data-e-type=\"column\">\n\t\t\t<div class=\"elementor-widget-wrap elementor-element-populated\">\n\t\t\t\t\t\t<div class=\"elementor-element elementor-element-cc25a63 elementor-invisible elementor-widget elementor-widget-heading\" data-id=\"cc25a63\" data-element_type=\"widget\" data-e-type=\"widget\" data-settings=\"{&quot;_animation&quot;:&quot;fadeInUp&quot;}\" data-widget_type=\"heading.default\">\n\t\t\t\t<div class=\"elementor-widget-container\">\n\t\t\t\t\t<h6 class=\"elementor-heading-title elementor-size-default\"><a href=\"https:\/\/parroquiasanisidrolabrador.com\/?page_id=2833\">Semana Santa 2023<\/a><\/h6>\t\t\t\t<\/div>\n\t\t\t\t<\/div>\n\t\t\t\t<div class=\"elementor-element elementor-element-76e84d9 elementor-invisible elementor-widget elementor-widget-image\" data-id=\"76e84d9\" data-element_type=\"widget\" data-e-type=\"widget\" data-settings=\"{&quot;_animation&quot;:&quot;fadeInUp&quot;}\" data-widget_type=\"image.default\">\n\t\t\t\t<div class=\"elementor-widget-container\">\n\t\t\t\t\t\t\t\t\t\t\t\t\t\t\t\t<a href=\"https:\/\/parroquiasanisidrolabrador.com\/?page_id=3223\">\n\t\t\t\t\t\t\t<img loading=\"lazy\" decoding=\"async\" width=\"768\" height=\"1024\" src=\"https:\/\/parroquiasanisidrolabrador.com\/wp-content\/uploads\/2023\/06\/IMG-20230408-WA0090-768x1024.jpg\" class=\"attachment-large size-large wp-image-3222\" alt=\"\" srcset=\"https:\/\/parroquiasanisidrolabrador.com\/wp-content\/uploads\/2023\/06\/IMG-20230408-WA0090-768x1024.jpg 768w, https:\/\/parroquiasanisidrolabrador.com\/wp-content\/uploads\/2023\/06\/IMG-20230408-WA0090-225x300.jpg 225w, https:\/\/parroquiasanisidrolabrador.com\/wp-content\/uploads\/2023\/06\/IMG-20230408-WA0090-1152x1536.jpg 1152w, https:\/\/parroquiasanisidrolabrador.com\/wp-content\/uploads\/2023\/06\/IMG-20230408-WA0090.jpg 1200w\" sizes=\"(max-width: 768px) 100vw, 768px\" \/>\t\t\t\t\t\t\t\t<\/a>\n\t\t\t\t\t\t\t\t\t\t\t\t\t\t\t<\/div>\n\t\t\t\t<\/div>\n\t\t\t\t\t<\/div>\n\t\t<\/div>\n\t\t\t\t\t<\/div>\n\t\t<\/section>\n\t\t\t\t<section class=\"elementor-section elementor-top-section elementor-element elementor-element-8f0f792 elementor-section-boxed elementor-section-height-default elementor-section-height-default\" data-id=\"8f0f792\" data-element_type=\"section\" data-e-type=\"section\">\n\t\t\t\t\t\t<div class=\"elementor-container elementor-column-gap-default\">\n\t\t\t\t\t<div class=\"elementor-column elementor-col-33 elementor-top-column elementor-element elementor-element-1030705\" data-id=\"1030705\" data-element_type=\"column\" data-e-type=\"column\">\n\t\t\t<div class=\"elementor-widget-wrap elementor-element-populated\">\n\t\t\t\t\t\t<div class=\"elementor-element elementor-element-694fbdd elementor-invisible elementor-widget elementor-widget-heading\" data-id=\"694fbdd\" data-element_type=\"widget\" data-e-type=\"widget\" data-settings=\"{&quot;_animation&quot;:&quot;fadeInUp&quot;}\" data-widget_type=\"heading.default\">\n\t\t\t\t<div class=\"elementor-widget-container\">\n\t\t\t\t\t<h6 class=\"elementor-heading-title elementor-size-default\"><a href=\"https:\/\/parroquiasanisidrolabrador.com\/?page_id=2833\">Pascua Joven 2023<\/a><\/h6>\t\t\t\t<\/div>\n\t\t\t\t<\/div>\n\t\t\t\t<div class=\"elementor-element elementor-element-0b1d5ce elementor-invisible elementor-widget elementor-widget-image\" data-id=\"0b1d5ce\" data-element_type=\"widget\" data-e-type=\"widget\" data-settings=\"{&quot;_animation&quot;:&quot;fadeInUp&quot;}\" data-widget_type=\"image.default\">\n\t\t\t\t<div class=\"elementor-widget-container\">\n\t\t\t\t\t\t\t\t\t\t\t\t\t\t\t\t<a href=\"https:\/\/parroquiasanisidrolabrador.com\/?page_id=3159\">\n\t\t\t\t\t\t\t<img loading=\"lazy\" decoding=\"async\" width=\"1024\" height=\"768\" src=\"https:\/\/parroquiasanisidrolabrador.com\/wp-content\/uploads\/2023\/06\/20230408_223156-1024x768.jpg\" class=\"attachment-large size-large wp-image-3285\" alt=\"\" srcset=\"https:\/\/parroquiasanisidrolabrador.com\/wp-content\/uploads\/2023\/06\/20230408_223156-1024x768.jpg 1024w, https:\/\/parroquiasanisidrolabrador.com\/wp-content\/uploads\/2023\/06\/20230408_223156-300x225.jpg 300w, https:\/\/parroquiasanisidrolabrador.com\/wp-content\/uploads\/2023\/06\/20230408_223156-768x576.jpg 768w, https:\/\/parroquiasanisidrolabrador.com\/wp-content\/uploads\/2023\/06\/20230408_223156-1536x1152.jpg 1536w, https:\/\/parroquiasanisidrolabrador.com\/wp-content\/uploads\/2023\/06\/20230408_223156-2048x1536.jpg 2048w\" sizes=\"(max-width: 1024px) 100vw, 1024px\" \/>\t\t\t\t\t\t\t\t<\/a>\n\t\t\t\t\t\t\t\t\t\t\t\t\t\t\t<\/div>\n\t\t\t\t<\/div>\n\t\t\t\t\t<\/div>\n\t\t<\/div>\n\t\t\t\t<div class=\"elementor-column elementor-col-33 elementor-top-column elementor-element elementor-element-7560341\" data-id=\"7560341\" data-element_type=\"column\" data-e-type=\"column\">\n\t\t\t<div class=\"elementor-widget-wrap elementor-element-populated\">\n\t\t\t\t\t\t<div class=\"elementor-element elementor-element-b966318 elementor-invisible elementor-widget elementor-widget-heading\" data-id=\"b966318\" data-element_type=\"widget\" data-e-type=\"widget\" data-settings=\"{&quot;_animation&quot;:&quot;fadeInUp&quot;}\" data-widget_type=\"heading.default\">\n\t\t\t\t<div class=\"elementor-widget-container\">\n\t\t\t\t\t<h6 class=\"elementor-heading-title elementor-size-default\"><a href=\"https:\/\/parroquiasanisidrolabrador.com\/?page_id=2833\">Misi\u00f3n de Ramos 2023<\/a><\/h6>\t\t\t\t<\/div>\n\t\t\t\t<\/div>\n\t\t\t\t<div class=\"elementor-element elementor-element-1995f1a elementor-invisible elementor-widget elementor-widget-image\" data-id=\"1995f1a\" data-element_type=\"widget\" data-e-type=\"widget\" data-settings=\"{&quot;_animation&quot;:&quot;fadeInUp&quot;}\" data-widget_type=\"image.default\">\n\t\t\t\t<div class=\"elementor-widget-container\">\n\t\t\t\t\t\t\t\t\t\t\t\t\t\t\t\t<a href=\"https:\/\/parroquiasanisidrolabrador.com\/?page_id=3209\">\n\t\t\t\t\t\t\t<img loading=\"lazy\" decoding=\"async\" width=\"1024\" height=\"771\" src=\"https:\/\/parroquiasanisidrolabrador.com\/wp-content\/uploads\/2023\/06\/IMG-20230404-WA0053-1024x771.jpg\" class=\"attachment-large size-large wp-image-3205\" alt=\"\" srcset=\"https:\/\/parroquiasanisidrolabrador.com\/wp-content\/uploads\/2023\/06\/IMG-20230404-WA0053-1024x771.jpg 1024w, https:\/\/parroquiasanisidrolabrador.com\/wp-content\/uploads\/2023\/06\/IMG-20230404-WA0053-300x226.jpg 300w, https:\/\/parroquiasanisidrolabrador.com\/wp-content\/uploads\/2023\/06\/IMG-20230404-WA0053-768x578.jpg 768w, https:\/\/parroquiasanisidrolabrador.com\/wp-content\/uploads\/2023\/06\/IMG-20230404-WA0053-1536x1156.jpg 1536w, https:\/\/parroquiasanisidrolabrador.com\/wp-content\/uploads\/2023\/06\/IMG-20230404-WA0053.jpg 1600w\" sizes=\"(max-width: 1024px) 100vw, 1024px\" \/>\t\t\t\t\t\t\t\t<\/a>\n\t\t\t\t\t\t\t\t\t\t\t\t\t\t\t<\/div>\n\t\t\t\t<\/div>\n\t\t\t\t\t<\/div>\n\t\t<\/div>\n\t\t\t\t<div class=\"elementor-column elementor-col-33 elementor-top-column elementor-element elementor-element-61510f8\" data-id=\"61510f8\" data-element_type=\"column\" data-e-type=\"column\">\n\t\t\t<div class=\"elementor-widget-wrap elementor-element-populated\">\n\t\t\t\t\t\t<div class=\"elementor-element elementor-element-0460faf elementor-invisible elementor-widget elementor-widget-heading\" data-id=\"0460faf\" data-element_type=\"widget\" data-e-type=\"widget\" data-settings=\"{&quot;_animation&quot;:&quot;fadeInRight&quot;}\" data-widget_type=\"heading.default\">\n\t\t\t\t<div class=\"elementor-widget-container\">\n\t\t\t\t\t<h6 class=\"elementor-heading-title elementor-size-default\"><a href=\"https:\/\/parroquiasanisidrolabrador.com\/?page_id=2808\">Campamento, Nogol\u00ed, San Luis 2023<\/a><\/h6>\t\t\t\t<\/div>\n\t\t\t\t<\/div>\n\t\t\t\t<div class=\"elementor-element elementor-element-fdd4c73 elementor-invisible elementor-widget elementor-widget-image\" data-id=\"fdd4c73\" data-element_type=\"widget\" data-e-type=\"widget\" data-settings=\"{&quot;_animation&quot;:&quot;fadeInRight&quot;}\" data-widget_type=\"image.default\">\n\t\t\t\t<div class=\"elementor-widget-container\">\n\t\t\t\t\t\t\t\t\t\t\t\t\t\t\t\t<a href=\"https:\/\/parroquiasanisidrolabrador.com\/?page_id=3194\">\n\t\t\t\t\t\t\t<img loading=\"lazy\" decoding=\"async\" width=\"1024\" height=\"765\" src=\"https:\/\/parroquiasanisidrolabrador.com\/wp-content\/uploads\/2023\/06\/IMG-20230404-WA0029-1024x765.jpg\" class=\"attachment-large size-large wp-image-3197\" alt=\"\" srcset=\"https:\/\/parroquiasanisidrolabrador.com\/wp-content\/uploads\/2023\/06\/IMG-20230404-WA0029-1024x765.jpg 1024w, https:\/\/parroquiasanisidrolabrador.com\/wp-content\/uploads\/2023\/06\/IMG-20230404-WA0029-300x224.jpg 300w, https:\/\/parroquiasanisidrolabrador.com\/wp-content\/uploads\/2023\/06\/IMG-20230404-WA0029-768x574.jpg 768w, https:\/\/parroquiasanisidrolabrador.com\/wp-content\/uploads\/2023\/06\/IMG-20230404-WA0029.jpg 1080w\" sizes=\"(max-width: 1024px) 100vw, 1024px\" \/>\t\t\t\t\t\t\t\t<\/a>\n\t\t\t\t\t\t\t\t\t\t\t\t\t\t\t<\/div>\n\t\t\t\t<\/div>\n\t\t\t\t\t<\/div>\n\t\t<\/div>\n\t\t\t\t\t<\/div>\n\t\t<\/section>\n\t\t\t\t<section class=\"elementor-section elementor-top-section elementor-element elementor-element-73cc25c elementor-section-boxed elementor-section-height-default elementor-section-height-default\" data-id=\"73cc25c\" data-element_type=\"section\" data-e-type=\"section\">\n\t\t\t\t\t\t<div class=\"elementor-container elementor-column-gap-default\">\n\t\t\t\t\t<div class=\"elementor-column elementor-col-33 elementor-top-column elementor-element elementor-element-7ae626f\" data-id=\"7ae626f\" data-element_type=\"column\" data-e-type=\"column\">\n\t\t\t<div class=\"elementor-widget-wrap elementor-element-populated\">\n\t\t\t\t\t\t<div class=\"elementor-element elementor-element-4bba314 elementor-invisible elementor-widget elementor-widget-heading\" data-id=\"4bba314\" data-element_type=\"widget\" data-e-type=\"widget\" data-settings=\"{&quot;_animation&quot;:&quot;fadeInLeft&quot;}\" data-widget_type=\"heading.default\">\n\t\t\t\t<div class=\"elementor-widget-container\">\n\t\t\t\t\t<h6 class=\"elementor-heading-title elementor-size-default\"><a href=\"https:\/\/parroquiasanisidrolabrador.com\/?page_id=2499\">Campamento Labradores de la Calle<\/a><\/h6>\t\t\t\t<\/div>\n\t\t\t\t<\/div>\n\t\t\t\t<div class=\"elementor-element elementor-element-7ae9a48 elementor-invisible elementor-widget elementor-widget-image\" data-id=\"7ae9a48\" data-element_type=\"widget\" data-e-type=\"widget\" data-settings=\"{&quot;_animation&quot;:&quot;fadeInLeft&quot;}\" data-widget_type=\"image.default\">\n\t\t\t\t<div class=\"elementor-widget-container\">\n\t\t\t\t\t\t\t\t\t\t\t\t\t\t\t\t<a href=\"https:\/\/parroquiasanisidrolabrador.com\/?page_id=2499\">\n\t\t\t\t\t\t\t<img loading=\"lazy\" decoding=\"async\" width=\"1280\" height=\"773\" src=\"https:\/\/parroquiasanisidrolabrador.com\/wp-content\/uploads\/2022\/05\/WhatsApp-Image-2022-05-24-at-2.01.40-PM.jpeg\" class=\"attachment-full size-full wp-image-2502\" alt=\"\" srcset=\"https:\/\/parroquiasanisidrolabrador.com\/wp-content\/uploads\/2022\/05\/WhatsApp-Image-2022-05-24-at-2.01.40-PM.jpeg 1280w, https:\/\/parroquiasanisidrolabrador.com\/wp-content\/uploads\/2022\/05\/WhatsApp-Image-2022-05-24-at-2.01.40-PM-300x181.jpeg 300w, https:\/\/parroquiasanisidrolabrador.com\/wp-content\/uploads\/2022\/05\/WhatsApp-Image-2022-05-24-at-2.01.40-PM-1024x618.jpeg 1024w, https:\/\/parroquiasanisidrolabrador.com\/wp-content\/uploads\/2022\/05\/WhatsApp-Image-2022-05-24-at-2.01.40-PM-768x464.jpeg 768w\" sizes=\"(max-width: 1280px) 100vw, 1280px\" \/>\t\t\t\t\t\t\t\t<\/a>\n\t\t\t\t\t\t\t\t\t\t\t\t\t\t\t<\/div>\n\t\t\t\t<\/div>\n\t\t\t\t\t<\/div>\n\t\t<\/div>\n\t\t\t\t<div class=\"elementor-column elementor-col-33 elementor-top-column elementor-element elementor-element-c2fa4b9\" data-id=\"c2fa4b9\" data-element_type=\"column\" data-e-type=\"column\">\n\t\t\t<div class=\"elementor-widget-wrap elementor-element-populated\">\n\t\t\t\t\t\t<div class=\"elementor-element elementor-element-59b6d46 elementor-invisible elementor-widget elementor-widget-heading\" data-id=\"59b6d46\" data-element_type=\"widget\" data-e-type=\"widget\" data-settings=\"{&quot;_animation&quot;:&quot;fadeInUp&quot;}\" data-widget_type=\"heading.default\">\n\t\t\t\t<div class=\"elementor-widget-container\">\n\t\t\t\t\t<h6 class=\"elementor-heading-title elementor-size-default\"><a href=\"https:\/\/parroquiasanisidrolabrador.com\/?page_id=2083\">Fiestas Patronales<\/a><\/h6>\t\t\t\t<\/div>\n\t\t\t\t<\/div>\n\t\t\t\t<div class=\"elementor-element elementor-element-ec3a1f8 elementor-invisible elementor-widget elementor-widget-image\" data-id=\"ec3a1f8\" data-element_type=\"widget\" data-e-type=\"widget\" data-settings=\"{&quot;_animation&quot;:&quot;fadeInUp&quot;}\" data-widget_type=\"image.default\">\n\t\t\t\t<div class=\"elementor-widget-container\">\n\t\t\t\t\t\t\t\t\t\t\t\t\t\t\t\t<a href=\"https:\/\/parroquiasanisidrolabrador.com\/?page_id=2083\">\n\t\t\t\t\t\t\t<img loading=\"lazy\" decoding=\"async\" width=\"1024\" height=\"678\" src=\"https:\/\/parroquiasanisidrolabrador.com\/wp-content\/uploads\/2022\/05\/DSC_1990-1024x678.jpg\" class=\"attachment-large size-large wp-image-2138\" alt=\"\" srcset=\"https:\/\/parroquiasanisidrolabrador.com\/wp-content\/uploads\/2022\/05\/DSC_1990-1024x678.jpg 1024w, https:\/\/parroquiasanisidrolabrador.com\/wp-content\/uploads\/2022\/05\/DSC_1990-300x199.jpg 300w, https:\/\/parroquiasanisidrolabrador.com\/wp-content\/uploads\/2022\/05\/DSC_1990-768x509.jpg 768w, https:\/\/parroquiasanisidrolabrador.com\/wp-content\/uploads\/2022\/05\/DSC_1990-1536x1017.jpg 1536w, https:\/\/parroquiasanisidrolabrador.com\/wp-content\/uploads\/2022\/05\/DSC_1990-2048x1356.jpg 2048w\" sizes=\"(max-width: 1024px) 100vw, 1024px\" \/>\t\t\t\t\t\t\t\t<\/a>\n\t\t\t\t\t\t\t\t\t\t\t\t\t\t\t<\/div>\n\t\t\t\t<\/div>\n\t\t\t\t\t<\/div>\n\t\t<\/div>\n\t\t\t\t<div class=\"elementor-column elementor-col-33 elementor-top-column elementor-element elementor-element-641fcfb\" data-id=\"641fcfb\" data-element_type=\"column\" data-e-type=\"column\">\n\t\t\t<div class=\"elementor-widget-wrap elementor-element-populated\">\n\t\t\t\t\t\t<div class=\"elementor-element elementor-element-a3beee3 elementor-invisible elementor-widget elementor-widget-heading\" data-id=\"a3beee3\" data-element_type=\"widget\" data-e-type=\"widget\" data-settings=\"{&quot;_animation&quot;:&quot;fadeInRight&quot;}\" data-widget_type=\"heading.default\">\n\t\t\t\t<div class=\"elementor-widget-container\">\n\t\t\t\t\t<h6 class=\"elementor-heading-title elementor-size-default\"><a href=\"https:\/\/parroquiasanisidrolabrador.com\/?page_id=2031\">Semana Santa<\/a><\/h6>\t\t\t\t<\/div>\n\t\t\t\t<\/div>\n\t\t\t\t<div class=\"elementor-element elementor-element-dd0a192 elementor-invisible elementor-widget elementor-widget-image\" data-id=\"dd0a192\" data-element_type=\"widget\" data-e-type=\"widget\" data-settings=\"{&quot;_animation&quot;:&quot;fadeInRight&quot;}\" data-widget_type=\"image.default\">\n\t\t\t\t<div class=\"elementor-widget-container\">\n\t\t\t\t\t\t\t\t\t\t\t\t\t\t\t\t<a href=\"https:\/\/parroquiasanisidrolabrador.com\/?page_id=2031\">\n\t\t\t\t\t\t\t<img loading=\"lazy\" decoding=\"async\" width=\"960\" height=\"682\" src=\"https:\/\/parroquiasanisidrolabrador.com\/wp-content\/uploads\/2022\/04\/WhatsApp-Image-2022-04-26-at-10.29.01-AM.jpeg\" class=\"attachment-large size-large wp-image-2040\" alt=\"\" srcset=\"https:\/\/parroquiasanisidrolabrador.com\/wp-content\/uploads\/2022\/04\/WhatsApp-Image-2022-04-26-at-10.29.01-AM.jpeg 960w, https:\/\/parroquiasanisidrolabrador.com\/wp-content\/uploads\/2022\/04\/WhatsApp-Image-2022-04-26-at-10.29.01-AM-300x213.jpeg 300w, https:\/\/parroquiasanisidrolabrador.com\/wp-content\/uploads\/2022\/04\/WhatsApp-Image-2022-04-26-at-10.29.01-AM-768x546.jpeg 768w\" sizes=\"(max-width: 960px) 100vw, 960px\" \/>\t\t\t\t\t\t\t\t<\/a>\n\t\t\t\t\t\t\t\t\t\t\t\t\t\t\t<\/div>\n\t\t\t\t<\/div>\n\t\t\t\t\t<\/div>\n\t\t<\/div>\n\t\t\t\t\t<\/div>\n\t\t<\/section>\n\t\t\t\t<section class=\"elementor-section elementor-top-section elementor-element elementor-element-b2d52ab elementor-section-boxed elementor-section-height-default elementor-section-height-default\" data-id=\"b2d52ab\" data-element_type=\"section\" data-e-type=\"section\">\n\t\t\t\t\t\t<div class=\"elementor-container elementor-column-gap-default\">\n\t\t\t\t\t<div class=\"elementor-column elementor-col-33 elementor-top-column elementor-element elementor-element-ad8601b\" data-id=\"ad8601b\" data-element_type=\"column\" data-e-type=\"column\">\n\t\t\t<div class=\"elementor-widget-wrap elementor-element-populated\">\n\t\t\t\t\t\t<div class=\"elementor-element elementor-element-eb07cd3 elementor-invisible elementor-widget elementor-widget-heading\" data-id=\"eb07cd3\" data-element_type=\"widget\" data-e-type=\"widget\" data-settings=\"{&quot;_animation&quot;:&quot;fadeInLeft&quot;}\" data-widget_type=\"heading.default\">\n\t\t\t\t<div class=\"elementor-widget-container\">\n\t\t\t\t\t<h6 class=\"elementor-heading-title elementor-size-default\"><a href=\"https:\/\/parroquiasanisidrolabrador.com\/?page_id=1978\">Despedida Nico y Bienvenida Lucas<\/a><\/h6>\t\t\t\t<\/div>\n\t\t\t\t<\/div>\n\t\t\t\t<div class=\"elementor-element elementor-element-b580444 elementor-invisible elementor-widget elementor-widget-image\" data-id=\"b580444\" data-element_type=\"widget\" data-e-type=\"widget\" data-settings=\"{&quot;_animation&quot;:&quot;fadeInLeft&quot;}\" data-widget_type=\"image.default\">\n\t\t\t\t<div class=\"elementor-widget-container\">\n\t\t\t\t\t\t\t\t\t\t\t\t\t\t\t\t<a href=\"https:\/\/parroquiasanisidrolabrador.com\/?page_id=1978\">\n\t\t\t\t\t\t\t<img loading=\"lazy\" decoding=\"async\" width=\"681\" height=\"1024\" src=\"https:\/\/parroquiasanisidrolabrador.com\/wp-content\/uploads\/2022\/04\/WhatsApp-Image-2022-04-26-at-12.32.30-PM-681x1024.jpeg\" class=\"attachment-large size-large wp-image-2004\" alt=\"\" srcset=\"https:\/\/parroquiasanisidrolabrador.com\/wp-content\/uploads\/2022\/04\/WhatsApp-Image-2022-04-26-at-12.32.30-PM-681x1024.jpeg 681w, https:\/\/parroquiasanisidrolabrador.com\/wp-content\/uploads\/2022\/04\/WhatsApp-Image-2022-04-26-at-12.32.30-PM-199x300.jpeg 199w, https:\/\/parroquiasanisidrolabrador.com\/wp-content\/uploads\/2022\/04\/WhatsApp-Image-2022-04-26-at-12.32.30-PM-768x1155.jpeg 768w, https:\/\/parroquiasanisidrolabrador.com\/wp-content\/uploads\/2022\/04\/WhatsApp-Image-2022-04-26-at-12.32.30-PM.jpeg 787w\" sizes=\"(max-width: 681px) 100vw, 681px\" \/>\t\t\t\t\t\t\t\t<\/a>\n\t\t\t\t\t\t\t\t\t\t\t\t\t\t\t<\/div>\n\t\t\t\t<\/div>\n\t\t\t\t\t<\/div>\n\t\t<\/div>\n\t\t\t\t<div class=\"elementor-column elementor-col-33 elementor-top-column elementor-element elementor-element-5b7bd08\" data-id=\"5b7bd08\" data-element_type=\"column\" data-e-type=\"column\">\n\t\t\t<div class=\"elementor-widget-wrap elementor-element-populated\">\n\t\t\t\t\t\t<div class=\"elementor-element elementor-element-4f54864 elementor-invisible elementor-widget elementor-widget-heading\" data-id=\"4f54864\" data-element_type=\"widget\" data-e-type=\"widget\" data-settings=\"{&quot;_animation&quot;:&quot;fadeInUp&quot;}\" data-widget_type=\"heading.default\">\n\t\t\t\t<div class=\"elementor-widget-container\">\n\t\t\t\t\t<h6 class=\"elementor-heading-title elementor-size-default\"><a href=\"https:\/\/parroquiasanisidrolabrador.com\/?page_id=1856\">Misa de Nochebuena 2021<\/a><\/h6>\t\t\t\t<\/div>\n\t\t\t\t<\/div>\n\t\t\t\t<div class=\"elementor-element elementor-element-035ab72 elementor-invisible elementor-widget elementor-widget-image\" data-id=\"035ab72\" data-element_type=\"widget\" data-e-type=\"widget\" data-settings=\"{&quot;_animation&quot;:&quot;fadeInUp&quot;}\" data-widget_type=\"image.default\">\n\t\t\t\t<div class=\"elementor-widget-container\">\n\t\t\t\t\t\t\t\t\t\t\t\t\t\t\t\t<a href=\"https:\/\/parroquiasanisidrolabrador.com\/?page_id=1856\">\n\t\t\t\t\t\t\t<img loading=\"lazy\" decoding=\"async\" width=\"768\" height=\"1024\" src=\"https:\/\/parroquiasanisidrolabrador.com\/wp-content\/uploads\/2022\/01\/92e8b66f-b673-40f6-9d63-3751215252d7-1-768x1024.jpg\" class=\"attachment-large size-large wp-image-1751\" alt=\"\" srcset=\"https:\/\/parroquiasanisidrolabrador.com\/wp-content\/uploads\/2022\/01\/92e8b66f-b673-40f6-9d63-3751215252d7-1-768x1024.jpg 768w, https:\/\/parroquiasanisidrolabrador.com\/wp-content\/uploads\/2022\/01\/92e8b66f-b673-40f6-9d63-3751215252d7-1-225x300.jpg 225w, https:\/\/parroquiasanisidrolabrador.com\/wp-content\/uploads\/2022\/01\/92e8b66f-b673-40f6-9d63-3751215252d7-1-1152x1536.jpg 1152w, https:\/\/parroquiasanisidrolabrador.com\/wp-content\/uploads\/2022\/01\/92e8b66f-b673-40f6-9d63-3751215252d7-1.jpg 1200w\" sizes=\"(max-width: 768px) 100vw, 768px\" \/>\t\t\t\t\t\t\t\t<\/a>\n\t\t\t\t\t\t\t\t\t\t\t\t\t\t\t<\/div>\n\t\t\t\t<\/div>\n\t\t\t\t\t<\/div>\n\t\t<\/div>\n\t\t\t\t<div class=\"elementor-column elementor-col-33 elementor-top-column elementor-element elementor-element-033fd1e\" data-id=\"033fd1e\" data-element_type=\"column\" data-e-type=\"column\">\n\t\t\t<div class=\"elementor-widget-wrap elementor-element-populated\">\n\t\t\t\t\t\t<div class=\"elementor-element elementor-element-efa4d25 elementor-invisible elementor-widget elementor-widget-heading\" data-id=\"efa4d25\" data-element_type=\"widget\" data-e-type=\"widget\" data-settings=\"{&quot;_animation&quot;:&quot;fadeInRight&quot;}\" data-widget_type=\"heading.default\">\n\t\t\t\t<div class=\"elementor-widget-container\">\n\t\t\t\t\t<h6 class=\"elementor-heading-title elementor-size-default\"><a href=\"https:\/\/parroquiasanisidrolabrador.com\/?page_id=1842\">Luj\u00e1n - 04\/12\/21<\/a><\/h6>\t\t\t\t<\/div>\n\t\t\t\t<\/div>\n\t\t\t\t<div class=\"elementor-element elementor-element-61c3694 elementor-invisible elementor-widget elementor-widget-image\" data-id=\"61c3694\" data-element_type=\"widget\" data-e-type=\"widget\" data-settings=\"{&quot;_animation&quot;:&quot;fadeInRight&quot;}\" data-widget_type=\"image.default\">\n\t\t\t\t<div class=\"elementor-widget-container\">\n\t\t\t\t\t\t\t\t\t\t\t\t\t\t\t\t<a href=\"https:\/\/parroquiasanisidrolabrador.com\/?page_id=1842\">\n\t\t\t\t\t\t\t<img loading=\"lazy\" decoding=\"async\" width=\"1024\" height=\"576\" src=\"https:\/\/parroquiasanisidrolabrador.com\/wp-content\/uploads\/2021\/12\/Foto-1-1024x576.jpg\" class=\"attachment-large size-large wp-image-1650\" alt=\"\" srcset=\"https:\/\/parroquiasanisidrolabrador.com\/wp-content\/uploads\/2021\/12\/Foto-1-1024x576.jpg 1024w, https:\/\/parroquiasanisidrolabrador.com\/wp-content\/uploads\/2021\/12\/Foto-1-300x169.jpg 300w, https:\/\/parroquiasanisidrolabrador.com\/wp-content\/uploads\/2021\/12\/Foto-1-768x432.jpg 768w, https:\/\/parroquiasanisidrolabrador.com\/wp-content\/uploads\/2021\/12\/Foto-1.jpg 1280w\" sizes=\"(max-width: 1024px) 100vw, 1024px\" \/>\t\t\t\t\t\t\t\t<\/a>\n\t\t\t\t\t\t\t\t\t\t\t\t\t\t\t<\/div>\n\t\t\t\t<\/div>\n\t\t\t\t\t<\/div>\n\t\t<\/div>\n\t\t\t\t\t<\/div>\n\t\t<\/section>\n\t\t\t\t<\/div>\n\t\t","protected":false},"excerpt":{"rendered":"<p>Eventos Compartidos &nbsp; Bienvenida a Santa Mar\u00eda Toribia Fiestas Patronales 2024 Pascua Joven 2024 Semana Santa 2024 Campamento C\u00f3rdoba 2024 Visita Arzobispo Fiestas Patronales 2023 Campamento Manija 2023 Semana Santa 2023 Pascua Joven 2023 Misi\u00f3n de Ramos 2023 Campamento, Nogol\u00ed, San Luis 2023 Campamento Labradores de la Calle Fiestas Patronales Semana Santa Despedida Nico y [&hellip;]<\/p>\n","protected":false},"author":1,"featured_media":0,"parent":0,"menu_order":0,"comment_status":"closed","ping_status":"closed","template":"","meta":{"om_disable_all_campaigns":false,"_monsterinsights_skip_tracking":false,"_monsterinsights_sitenote_active":false,"_monsterinsights_sitenote_note":"","_monsterinsights_sitenote_category":0,"site-sidebar-layout":"no-sidebar","site-content-layout":"page-builder","ast-site-content-layout":"default","site-content-style":"default","site-sidebar-style":"default","ast-global-header-display":"","ast-banner-title-visibility":"","ast-main-header-display":"","ast-hfb-above-header-display":"","ast-hfb-below-header-display":"","ast-hfb-mobile-header-display":"","site-post-title":"disabled","ast-breadcrumbs-content":"","ast-featured-img":"disabled","footer-sml-layout":"","ast-disable-related-posts":"","theme-transparent-header-meta":"","adv-header-id-meta":"","stick-header-meta":"","header-above-stick-meta":"","header-main-stick-meta":"","header-below-stick-meta":"","astra-migrate-meta-layouts":"default","ast-page-background-enabled":"default","ast-page-background-meta":{"desktop":{"background-color":"","background-image":"","background-repeat":"repeat","background-position":"center center","background-size":"auto","background-attachment":"scroll","background-type":"","background-media":"","overlay-type":"","overlay-color":"","overlay-opacity":"","overlay-gradient":""},"tablet":{"background-color":"","background-image":"","background-repeat":"repeat","background-position":"center center","background-size":"auto","background-attachment":"scroll","background-type":"","background-media":"","overlay-type":"","overlay-color":"","overlay-opacity":"","overlay-gradient":""},"mobile":{"background-color":"","background-image":"","background-repeat":"repeat","background-position":"center center","background-size":"auto","background-attachment":"scroll","background-type":"","background-media":"","overlay-type":"","overlay-color":"","overlay-opacity":"","overlay-gradient":""}},"ast-content-background-meta":{"desktop":{"background-color":"var(--ast-global-color-5)","background-image":"","background-repeat":"repeat","background-position":"center center","background-size":"auto","background-attachment":"scroll","background-type":"","background-media":"","overlay-type":"","overlay-color":"","overlay-opacity":"","overlay-gradient":""},"tablet":{"background-color":"var(--ast-global-color-5)","background-image":"","background-repeat":"repeat","background-position":"center center","background-size":"auto","background-attachment":"scroll","background-type":"","background-media":"","overlay-type":"","overlay-color":"","overlay-opacity":"","overlay-gradient":""},"mobile":{"background-color":"var(--ast-global-color-5)","background-image":"","background-repeat":"repeat","background-position":"center center","background-size":"auto","background-attachment":"scroll","background-type":"","background-media":"","overlay-type":"","overlay-color":"","overlay-opacity":"","overlay-gradient":""}},"footnotes":""},"class_list":["post-1568","page","type-page","status-publish","hentry"],"aioseo_notices":[],"_links":{"self":[{"href":"https:\/\/parroquiasanisidrolabrador.com\/index.php?rest_route=\/wp\/v2\/pages\/1568","targetHints":{"allow":["GET"]}}],"collection":[{"href":"https:\/\/parroquiasanisidrolabrador.com\/index.php?rest_route=\/wp\/v2\/pages"}],"about":[{"href":"https:\/\/parroquiasanisidrolabrador.com\/index.php?rest_route=\/wp\/v2\/types\/page"}],"author":[{"embeddable":true,"href":"https:\/\/parroquiasanisidrolabrador.com\/index.php?rest_route=\/wp\/v2\/users\/1"}],"replies":[{"embeddable":true,"href":"https:\/\/parroquiasanisidrolabrador.com\/index.php?rest_route=%2Fwp%2Fv2%2Fcomments&post=1568"}],"version-history":[{"count":185,"href":"https:\/\/parroquiasanisidrolabrador.com\/index.php?rest_route=\/wp\/v2\/pages\/1568\/revisions"}],"predecessor-version":[{"id":3763,"href":"https:\/\/parroquiasanisidrolabrador.com\/index.php?rest_route=\/wp\/v2\/pages\/1568\/revisions\/3763"}],"wp:attachment":[{"href":"https:\/\/parroquiasanisidrolabrador.com\/index.php?rest_route=%2Fwp%2Fv2%2Fmedia&parent=1568"}],"curies":[{"name":"wp","href":"https:\/\/api.w.org\/{rel}","templated":true}]}}